{"id":3620,"date":"2024-10-17T15:53:32","date_gmt":"2024-10-17T15:53:32","guid":{"rendered":"https:\/\/aurabedding.com\/index.php\/adatvedelmi-iranyelvek\/"},"modified":"2024-11-27T20:21:29","modified_gmt":"2024-11-27T20:21:29","slug":"adatvedelmi-iranyelvek","status":"publish","type":"page","link":"https:\/\/aurabedding.com\/hu\/index.php\/adatvedelmi-iranyelvek\/","title":{"rendered":"Adatv\u00e9delmi ir\u00e1nyelvek"},"content":{"rendered":"\t\t<div data-elementor-type=\"wp-page\" data-elementor-id=\"3620\" class=\"elementor elementor-3620 elementor-3\" data-elementor-post-type=\"page\">\n\t\t\t\t<div data-particle_enable=\"false\" data-particle-mobile-disabled=\"false\" class=\"elementor-element elementor-element-43645450 e-flex e-con-boxed e-con e-parent\" data-id=\"43645450\" data-element_type=\"container\">\n\t\t\t\t\t<div class=\"e-con-inner\">\n\t\t\t\t<div class=\"elementor-element elementor-element-71b60761 elementor-widget elementor-widget-text-editor\" data-id=\"71b60761\" data-element_type=\"widget\" data-widget_type=\"text-editor.default\">\n\t\t\t\t<div class=\"elementor-widget-container\">\n\t\t\t\t\t\t\t<p><\/p>\n<h1 data-pm-slice=\"1 1 []\">Adatv\u00e9delmi ir\u00e1nyelvek<\/h1>\n<h2>Bevezet\u00e9s<\/h2>\n<p>Hungaria Down Kft. (&#8222;mi&#8221;, &#8222;minket&#8221; vagy &#8222;mi\u00e9nk&#8221;) nagyra \u00e9rt\u00e9keli az \u00d6n mag\u00e1n\u00e9let\u00e9t. A jelen Adatv\u00e9delmi szab\u00e1lyzat ismerteti, hogyan gy\u0171jtj\u00fck, haszn\u00e1ljuk, adjuk ki \u00e9s v\u00e9dj\u00fck az \u00d6n szem\u00e9lyes adatait, amikor \u00d6n megl\u00e1togatja a www.aurabedding.com weboldalunkat (a &#8222;Weboldal&#8221;). Weboldalunk haszn\u00e1lat\u00e1val \u00d6n elfogadja a jelen Adatv\u00e9delmi szab\u00e1lyzat felt\u00e9teleit.  <\/p>\n<h2>Az \u00e1ltalunk gy\u0171jt\u00f6tt inform\u00e1ci\u00f3k<\/h2>\n<h3>1. Az \u00d6n \u00e1ltal megadott inform\u00e1ci\u00f3k<\/h3>\n<p>Olyan szem\u00e9lyes adatokat gy\u0171jt\u00fcnk, amelyeket \u00d6n k\u00f6zvetlen\u00fcl ad meg nek\u00fcnk, bele\u00e9rtve, de nem kiz\u00e1r\u00f3lagosan:<\/p>\n<ul data-spread=\"false\">\n<li>\n<p>N\u00e9v<\/p>\n<\/li>\n<li>\n<p>E-mail c\u00edm<\/p>\n<\/li>\n<li>\n<p>Egy\u00e9b inform\u00e1ci\u00f3k, amelyeket a h\u00edrlevel\u00fcnkre val\u00f3 feliratkoz\u00e1skor vagy a Weboldalon tal\u00e1lhat\u00f3 \u0171rlapokon kereszt\u00fcl t\u00f6rt\u00e9n\u0151 kapcsolatfelv\u00e9telkor ad meg.<\/p>\n<\/li>\n<\/ul>\n<h3>2. Automatikusan gy\u0171jt\u00f6tt inform\u00e1ci\u00f3k<\/h3>\n<p>Amikor \u00d6n megl\u00e1togatja a Weboldalunkat, automatikusan gy\u0171jthet\u00fcnk bizonyos inform\u00e1ci\u00f3kat, mint p\u00e9ld\u00e1ul:<\/p>\n<ul data-spread=\"false\">\n<li>\n<p>Az \u00d6n IP-c\u00edme<\/p>\n<\/li>\n<li>\n<p>B\u00f6ng\u00e9sz\u0151 t\u00edpusa \u00e9s verzi\u00f3ja<\/p>\n<\/li>\n<li>\n<p>Eszk\u00f6z t\u00edpusa<\/p>\n<\/li>\n<li>\n<p>Oper\u00e1ci\u00f3s rendszer<\/p>\n<\/li>\n<li>\n<p>Hivatkoz\u00f3 weboldal<\/p>\n<\/li>\n<li>\n<p>Megl\u00e1togatott oldalak \u00e9s a weboldalon elt\u00f6lt\u00f6tt id\u0151<\/p>\n<\/li>\n<li>\n<p>S\u00fctik \u00e9s egy\u00e9b nyomk\u00f6vet\u0151 technol\u00f3gi\u00e1k<\/p>\n<\/li>\n<\/ul>\n<h3>3. S\u00fctik \u00e9s nyomk\u00f6vet\u0151 technol\u00f3gi\u00e1k<\/h3>\n<p>S\u00fctiket \u00e9s hasonl\u00f3 technol\u00f3gi\u00e1kat haszn\u00e1lunk a b\u00f6ng\u00e9sz\u00e9si \u00e9lm\u00e9ny fokoz\u00e1s\u00e1ra. A b\u00f6ng\u00e9sz\u0151 be\u00e1ll\u00edt\u00e1sain kereszt\u00fcl kezelheti a s\u00fctikre vonatkoz\u00f3 be\u00e1ll\u00edt\u00e1sait. <\/p>\n<h2>Hogyan haszn\u00e1ljuk fel az \u00d6n adatait<\/h2>\n<p>Az \u00f6sszegy\u0171jt\u00f6tt inform\u00e1ci\u00f3kat a k\u00f6vetkez\u0151 c\u00e9lokra haszn\u00e1ljuk fel:<\/p>\n<ul data-spread=\"false\">\n<li>\n<p>\u00dcgyf\u00e9lt\u00e1mogat\u00e1s ny\u00fajt\u00e1sa<\/p>\n<\/li>\n<li>\n<p>Weboldalunk \u00e9s szolg\u00e1ltat\u00e1saink jav\u00edt\u00e1sa<\/p>\n<\/li>\n<li>\n<p>Friss\u00edt\u00e9sek, prom\u00f3ci\u00f3s aj\u00e1nlatok, h\u00edrlevelek \u00e9s egy\u00e9b k\u00f6zlem\u00e9nyek k\u00fcld\u00e9se \u00d6nnek.<\/p>\n<\/li>\n<li>\n<p>Jogi k\u00f6telezetts\u00e9geknek val\u00f3 megfelel\u00e9s<\/p>\n<\/li>\n<li>\n<p>A csal\u00e1s \u00e9s a jogosulatlan tev\u00e9kenys\u00e9gek elleni v\u00e9delem \u00e9rdek\u00e9ben<\/p>\n<\/li>\n<\/ul>\n<h2>Az \u00d6n adatainak megoszt\u00e1sa<\/h2>\n<p>Nem adjuk el az \u00d6n szem\u00e9lyes adatait. Azonban az al\u00e1bbi k\u00f6r\u00fclm\u00e9nyek k\u00f6z\u00f6tt megoszthatjuk az \u00d6n adatait harmadik felekkel: <\/p>\n<ul data-spread=\"false\">\n<li>\n<p><strong>Szolg\u00e1ltat\u00f3k:<\/strong> Megoszthatjuk az \u00d6n adatait megb\u00edzhat\u00f3 harmadik f\u00e9l szolg\u00e1ltat\u00f3kkal, akik seg\u00edtenek nek\u00fcnk a Weboldalunk \u00fczemeltet\u00e9s\u00e9ben \u00e9s a kommunik\u00e1ci\u00f3, p\u00e9ld\u00e1ul a h\u00edrlevelek kezel\u00e9s\u00e9ben.<\/p>\n<\/li>\n<li>\n<p><strong>Jogi k\u00f6telezetts\u00e9gek:<\/strong> Az \u00d6n adatait nyilv\u00e1noss\u00e1gra hozhatjuk, ha azt a t\u00f6rv\u00e9ny megk\u00f6veteli, vagy jogi jogaink v\u00e9delme \u00e9rdek\u00e9ben.<\/p>\n<\/li>\n<li>\n<p><strong>\u00dczleti \u00e1truh\u00e1z\u00e1sok:<\/strong> Az \u00d6n adatai az \u00fczleti tranzakci\u00f3 r\u00e9szek\u00e9nt tov\u00e1bb\u00edt\u00e1sra ker\u00fclhetnek.<\/p>\n<\/li>\n<\/ul>\n<h2>Adatbiztons\u00e1g<\/h2>\n<p>Megfelel\u0151 technikai \u00e9s szervez\u00e9si int\u00e9zked\u00e9seket hajtunk v\u00e9gre annak \u00e9rdek\u00e9ben, hogy megv\u00e9dj\u00fck szem\u00e9lyes adatait a jogosulatlan hozz\u00e1f\u00e9r\u00e9st\u0151l, nyilv\u00e1noss\u00e1gra hozatalt\u00f3l, megv\u00e1ltoztat\u00e1st\u00f3l vagy megsemmis\u00edt\u00e9st\u0151l. Az interneten kereszt\u00fcli tov\u00e1bb\u00edt\u00e1s vagy az elektronikus t\u00e1rol\u00e1s semmilyen m\u00f3dszere nem 100%-ig biztons\u00e1gos. <\/p>\n<h2>Az \u00d6n jogai<\/h2>\n<p>Az alkalmazand\u00f3 adatv\u00e9delmi jogszab\u00e1lyok \u00e9rtelm\u00e9ben \u00d6nt a k\u00f6vetkez\u0151 jogok illetik meg:<\/p>\n<ul data-spread=\"false\">\n<li>\n<p><strong>Hozz\u00e1f\u00e9r\u00e9s:<\/strong> K\u00e9rheti, hogy hozz\u00e1f\u00e9rjen az \u00d6nr\u0151l t\u00e1rolt szem\u00e9lyes adataihoz.<\/p>\n<\/li>\n<li>\n<p><strong>Helyesb\u00edt\u00e9s:<\/strong> Helyesb\u00edt\u00e9st k\u00e9rhet szem\u00e9lyes adataihoz, ha azok pontatlanok vagy hi\u00e1nyosak.<\/p>\n<\/li>\n<li>\n<p><strong>T\u00f6rl\u00e9s:<\/strong> \u00d6n k\u00e9rheti szem\u00e9lyes adatainak t\u00f6rl\u00e9s\u00e9t, bizonyos jogi k\u00f6telezetts\u00e9gekre is figyelemmel.<\/p>\n<\/li>\n<li>\n<p><strong>Tiltakozom:<\/strong> Bizonyos k\u00f6r\u00fclm\u00e9nyek k\u00f6z\u00f6tt tiltakozhat szem\u00e9lyes adatainak feldolgoz\u00e1sa ellen.<\/p>\n<\/li>\n<li>\n<p><strong>Adathordozhat\u00f3s\u00e1g:<\/strong> Adatai m\u00e1solat\u00e1t k\u00e9rheti struktur\u00e1lt, g\u00e9ppel olvashat\u00f3 form\u00e1tumban.<\/p>\n<\/li>\n<\/ul>\n<p>Jogai gyakorl\u00e1s\u00e1hoz k\u00e9rj\u00fck, l\u00e9pjen kapcsolatba vel\u00fcnk a <a>info@aurabedding.com<\/a> c\u00edmen.<\/p>\n<h2>Harmadik f\u00e9lt\u0151l sz\u00e1rmaz\u00f3 linkek<\/h2>\n<p>Weboldalunk tartalmazhat harmadik felek weboldalaira mutat\u00f3 linkeket. Nem vagyunk felel\u0151sek ezen weboldalak adatv\u00e9delmi gyakorlat\u00e1\u00e9rt vagy tartalm\u00e1\u00e9rt. K\u00e9rj\u00fck, szem\u00e9lyes adatok megad\u00e1sa el\u0151tt olvassa el az adatv\u00e9delmi ir\u00e1nyelveket.  <\/p>\n<h2>Az Adatv\u00e9delmi szab\u00e1lyzat m\u00f3dos\u00edt\u00e1sai<\/h2>\n<p>Id\u0151r\u0151l id\u0151re friss\u00edthetj\u00fck ezt az Adatv\u00e9delmi szab\u00e1lyzatot. B\u00e1rmilyen v\u00e1ltoz\u00e1st k\u00f6zz\u00e9tesz\u00fcnk ezen az oldalon az &#8222;Utols\u00f3 friss\u00edt\u00e9s&#8221; d\u00e1tum\u00e1val. A Webhely tov\u00e1bbi haszn\u00e1lata a m\u00f3dos\u00edt\u00e1sok ut\u00e1n azt jelenti, hogy \u00d6n elfogadja a friss\u00edtett Adatv\u00e9delmi szab\u00e1lyzatot.  <\/p>\n<h2>Kapcsolatfelv\u00e9tel<\/h2>\n<p>Ha b\u00e1rmilyen k\u00e9rd\u00e9se vagy agg\u00e1lya van a jelen Adatv\u00e9delmi ir\u00e1nyelvekkel vagy adatkezel\u00e9si gyakorlatunkkal kapcsolatban, k\u00e9rj\u00fck, l\u00e9pjen kapcsolatba vel\u00fcnk:<\/p>\n<p><strong>Hungaria Down Kft.<\/strong> Email: <a>info@aurabedding.com,<\/a> c\u00edm: info@aurabedding.com: Magyarorsz\u00e1g, Mezokovacshaza, Vasarhelyi S. u 35.<\/p>\n<p><\/p>\t\t\t\t\t\t<\/div>\n\t\t\t\t<\/div>\n\t\t\t\t\t<\/div>\n\t\t\t\t<\/div>\n\t\t\t\t<\/div>\n\t\t","protected":false},"excerpt":{"rendered":"<p>Adatv\u00e9delmi ir\u00e1nyelvek Bevezet\u00e9s Hungaria Down Kft. (&#8222;mi&#8221;, &#8222;minket&#8221; vagy &#8222;mi\u00e9nk&#8221;) nagyra \u00e9rt\u00e9keli az \u00d6n mag\u00e1n\u00e9let\u00e9t. A jelen Adatv\u00e9delmi szab\u00e1lyzat ismerteti, hogyan gy\u0171jtj\u00fck, haszn\u00e1ljuk, adjuk ki \u00e9s v\u00e9dj\u00fck az \u00d6n szem\u00e9lyes adatait, amikor \u00d6n megl\u00e1togatja a www.aurabedding.com weboldalunkat (a &#8222;Weboldal&#8221;). Weboldalunk haszn\u00e1lat\u00e1val \u00d6n elfogadja a jelen Adatv\u00e9delmi szab\u00e1lyzat felt\u00e9teleit. Az \u00e1ltalunk gy\u0171jt\u00f6tt inform\u00e1ci\u00f3k 1. Az \u00d6n [&hellip;]<\/p>\n","protected":false},"author":1,"featured_media":0,"parent":0,"menu_order":0,"comment_status":"closed","ping_status":"open","template":"","meta":{"footnotes":""},"class_list":["post-3620","page","type-page","status-publish","hentry"],"_links":{"self":[{"href":"https:\/\/aurabedding.com\/hu\/index.php\/wp-json\/wp\/v2\/pages\/3620","targetHints":{"allow":["GET"]}}],"collection":[{"href":"https:\/\/aurabedding.com\/hu\/index.php\/wp-json\/wp\/v2\/pages"}],"about":[{"href":"https:\/\/aurabedding.com\/hu\/index.php\/wp-json\/wp\/v2\/types\/page"}],"author":[{"embeddable":true,"href":"https:\/\/aurabedding.com\/hu\/index.php\/wp-json\/wp\/v2\/users\/1"}],"replies":[{"embeddable":true,"href":"https:\/\/aurabedding.com\/hu\/index.php\/wp-json\/wp\/v2\/comments?post=3620"}],"version-history":[{"count":7,"href":"https:\/\/aurabedding.com\/hu\/index.php\/wp-json\/wp\/v2\/pages\/3620\/revisions"}],"predecessor-version":[{"id":3645,"href":"https:\/\/aurabedding.com\/hu\/index.php\/wp-json\/wp\/v2\/pages\/3620\/revisions\/3645"}],"wp:attachment":[{"href":"https:\/\/aurabedding.com\/hu\/index.php\/wp-json\/wp\/v2\/media?parent=3620"}],"curies":[{"name":"wp","href":"https:\/\/api.w.org\/{rel}","templated":true}]}}